{"id":11161,"date":"2022-02-25T15:03:39","date_gmt":"2022-02-25T14:03:39","guid":{"rendered":"https:\/\/www.historyextra.com\/?p=201149"},"modified":"2022-02-25T15:24:11","modified_gmt":"2022-02-25T14:24:11","slug":"was-freydis-eiriksdottir-a-hero-or-a-deranged-murderess","status":"publish","type":"rss_feed","link":"https:\/\/c01.purpledshub.com\/bbchistory\/rss_feed\/was-freydis-eiriksdottir-a-hero-or-a-deranged-murderess\/","title":{"rendered":"Was Freyd\u00eds Eir\u00edksd\u00f3ttir a hero or a deranged murderess?"},"content":{"rendered":"<p class=\"rssexcerpt\"><\/p><p class=\"rssauthor\">By Dr J\u00f3hanna Katr\u00edn Fri\u00f0riksd\u00f3ttir\n                \t\t<\/p><p class=\"rssbyline\">Published: Friday, 25 February 2022 at 12:00 am<\/p><hr class=\"no-tts wp-block-separator\"\/><?xml version=\"1.0\" encoding=\"UTF-8\" standalone=\"yes\"?>\n<!DOCTYPE html PUBLIC \"-\/\/W3C\/\/DTD HTML 4.0 Transitional\/\/EN\" \"http:\/\/www.w3.org\/TR\/REC-html40\/loose.dtd\">\n<html><body><p>Freyd\u00eds Eir\u00edksd\u00f3ttir is an unforgettable female character who appears in two sagas written in medieval Iceland, the so-called Vinland sagas. Both recount stories that are a blend of history and legend about the Viking settlement of Iceland and then Greenland, before moving on to narrating the tale of a group of Norse explorers who set off from Greenland.<\/p>\n<p>Their destination is a newly discovered place called Vinland, rumoured to be a wonderful land with vines and self-sown fields of wheat \u2013 and now suspected to be North America. Scholars agree that the <a href=\"&quot;https:\/\/www.historyextra.com\/period\/viking\/vikings-history-facts\/&quot;\">Vikings<\/a> reached that continent in c1000 \u2013 <a href=\"&quot;https:\/\/www.historyextra.com\/period\/viking\/vikings-in-america\/&quot;\">making them the earliest Europeans to do so<\/a> \u2013 and since Freyd\u00eds is supposed to be a young woman at the time of these voyages, she would have been born in approximately the 970s.<\/p>\n<p>Freyd\u00eds is counted among the explorers in both sagas, but each gives a different account of her. In one, she is heavily pregnant and scares off a group of attackers by waving a sword at them. In the other, she manipulative and ruthless, murdering a group of defenceless women in cold blood. Freyd\u00eds behaves in astonishing ways in both stories, but whether presented in a positive or negative light, her steely nature is common to both narratives.<\/p>\n<section class=\"&quot;highlight\"><div class=\"&quot;highlight__content\" editor-content=\"\"> <h4>Read more about Viking women<\/h4>\n<ul><li><strong><a href=\"&quot;https:\/\/www.historyextra.com\/period\/viking\/vikings-women-home-matriarchs-traders-artisans\/&quot;\">Viking women: at home and at war<\/a><\/strong><\/li>\n<li><strong><a href=\"&quot;https:\/\/www.historyextra.com\/period\/viking\/viking-women-raiders-traders-and-settlers\/&quot;\">Viking women: raiders, traders and settlers<\/a><\/strong><\/li>\n<li><a href=\"&quot;https:\/\/www.historyextra.com\/period\/viking\/birka-warrior-woman-vikings-female-argument-judith-jesch\/&quot;\"><strong>Viking \u2018warrior women\u2019: Judith Jesch, expert in Viking studies, examines the latest evidence<\/strong><\/a><\/li>\n<\/ul><p> <\/p><\/div> <\/section><h2>Freyd\u00eds Eir\u00edksd\u00f3ttir in <em>Eirik the Red\u2019s Saga<\/em><\/h2>\n<p>The more famous of the two sagas is <em>Eirik the Red\u2019s Saga<\/em>, named after Freyd\u00eds\u2019s father, the Viking Eirik \u2018the Red\u2019. According to this saga, Eirik escaped from Norway to Iceland because of the unlawful killings he committed, later moving to Greenland for the same reason.<\/p>\n<p>Freyd\u00eds is introduced as the illegitimate daughter of Eirik by an unnamed mother, whereas her brother <a href=\"&quot;https:\/\/www.historyextra.com\/period\/viking\/who-was-leif-erikson-facts-life-viking-voyage-vinland\/&quot;\">Leif Erikson<\/a> \u2013 Leif \u2018the Lucky\u2019\u00a0 \u2013 is the son of Eirik\u2019s wife Thj\u00f3dhild. It was not unheard of for Viking men to hav<\/p>\n<p>e more than one female partner. But as the daughter of someone who was probably a servant or enslaved, this signals that Freyd\u00eds\u2019s social status was lower than her brother\u2019s.<\/p>\n<p>Moreover, Leif is the captain of a <a href=\"&quot;https:\/\/www.historyextra.com\/period\/viking\/viking-ships-facts-longboat-longship-gjellestad-ship\/&quot;\">Viking ship<\/a> and is said to have spent time in the retinue of King Olaf Tryggvason of Norway, a mark of great distinction. In contrast, Freyd\u00eds receives no description of her personal qualities or achievements.<\/p>\n<p>In Vinland, the <a href=\"&quot;https:\/\/www.historyextra.com\/period\/viking\/vikings-norse-raiders-where-countries-visit-impact-travell-russia-greenland-america-england\/&quot;\">Norse explorers<\/a> soon encounter the land\u2019s native inhabitants, referred to as \u2018skr\u00e6lings\u2019 in the saga. Despite peaceful interactions at the beginning, relations become less friendly and eventually, the explorers must escape from an attack in which several of them are killed. Freyd\u00eds runs more slowly than everyone else because of her pregnancy, and when she has fallen behind the rest of the group, she sees no option remaining but to defend herself.<\/p>\n<p>She picks up the sword of one of the slain Vikings and brandishes it at the attackers, then slapping it on her naked breast. This sight makes such an impression on the skr\u00e6lings that they turn around and leave, and Freyd\u00eds manages to get away. We hear no more of her, but we are told that the group makes it safely back to Greenland. <em>Eirik the Red\u2019s Saga<\/em> thus gives a sympathetic account of Freyd\u00eds. It conveys her vulnerability as a mother-to-be and her extraordinary bravery despite her lowly status.<\/p>\n<hr\/><p><strong>Listen: Johanna Katrin Fridriksdottir explores what everyday life was like for women in Norse society, the opportunities available to them and the challenges they faced on this episode of the HistoryExtra podcast<\/strong><\/p>\n<iframe title=\"&quot;Viking\" women=\"\" src=\"&quot;https:\/\/embed.acast.com\/historyextra\/vikingwomen&quot;\" width=\"&quot;100%&quot;\" height=\"&quot;180px&quot;\" scrolling=\"&quot;no&quot;\" frameborder=\"&quot;0&quot;\" style=\"&quot;border:none;overflow:hidden;&quot;\"\/>\n<hr\/><h2>Freyd\u00eds Eir\u00edksd\u00f3ttir in <em>The Saga of the Greenlanders<\/em><\/h2>\n<p>Freyd\u00eds is rather less palatable in <em>The Saga of the Greenlanders<\/em>, another version of the journey to Vinland. Here, she is active in the planning and decision-making for the expedition and more of a doer than in the other saga.<\/p>\n<p>She and a pair of brothers she teams up with agree to bring the same number of participants on the journey, and to divide whatever resources they acquire equally. However, Freyd\u00eds stealthily brings five more people than agreed, so she has a larger force than her partners.<\/p>\n<ul><li><strong>Read more | <a href=\"&quot;https:\/\/www.historyextra.com\/period\/viking\/gudrid-thorbjarnardottir-who-icelandic-viking-woman-vinland-sagas\/&quot;\">Gudrid Thorbjarnard\u00f3ttir<\/a>, the first lady of Viking Vinland\u00a0<\/strong><\/li>\n<\/ul><p>The group sets up a camp in Vinland, but in this version, the situation deteriorates because of mutual suspicion and in-fighting rather than an external threat. One morning, at Freyd\u00eds\u2019s behest, her crew shamefully ambush, tie up and kill the men in the other group.<\/p>\n<p>Only a small number of women remain alive, but the men draw the line at murdering them. After upbraiding them for their lack of manliness, Freyd\u00eds takes an axe and butchers the women herself, a merciless act that has no parallel in Old Norse texts.<\/p>\n<p>As in <em>Eirik the Red\u2019s Saga<\/em>, the group makes it back to Greenland with their spoils, but although Freyd\u00eds bribes her crew to keep quiet, the word gets out about these horrific killings, and she ends up a social outcast.<\/p>\n<h3>How much truth is there in the Vinland sagas?<\/h3>\n<p>These sagas were written in the 13th century, more than 200 years after the events they narrate are supposed to have happened. By the time of writing, the story of Viking expeditions to unknown lands beyond Greenland in c1000 had been filtered through much time and geographical distance. However, they probably contain some kernel of truth.<\/p>\n<p>Archaeological digs in the 1960s revealed that the <a href=\"&quot;https:\/\/www.historyextra.com\/period\/viking\/vikings-in-america\/&quot;\">Norse had managed to travel to America<\/a>, setting up a camp in L\u2019Anse aux Meadows (as it is called now) at the northernmost tip of Newfoundland. That means that even though the saga authors exaggerated the land\u2019s qualities, these narratives must contain some distant memories of such expeditions.<\/p>\n<ul><li><strong>Read more | <a href=\"&quot;https:\/\/www.historyextra.com\/period\/medieval\/brunhilda-brunhild-austrasia-visigothic-princess\/&quot;\">The real Brunhild?<\/a> The Visigothic princess behind the Norse saga<\/strong><\/li>\n<\/ul><p>The interactions with the native inhabitants of this place \u2013 first tentatively friendly but then descending into fear and violence \u2013 seem plausible. Either the hostility of the native population or a break-down in internal relations may be the real reason a Norse presence in North America never became permanent.<\/p>\n<p>It is also fairly certain that women were a part of these expeditions, just as the sagas describe. Textile equipment including a spindle whorl was found at the site in L\u2019Anse aux Meadows, and we know that women usually did the textile work in Norse society. Some of them would have been pregnant or nursing infants on these journeys.<\/p>\n<h2>Did Freyd\u00eds Eir\u00edksd\u00f3ttir exist?<\/h2>\n<p>Some characters in the Icelandic sagas may have lived in reality while others were undoubtedly created by skilled saga authors. Unfortunately, there is often no way of finding out, and that is the case for Freyd\u00eds Eir\u00edksd\u00f3ttir.<\/p>\n<p>Apart from these sagas, which are far removed in time and space from the people they feature, there is no other independent evidence to corroborate her existence. Saga authors may have put someone like Freyd\u00eds into their story about Norse expeditions to add dramatic elements that they thought would improve it.<\/p>\n<p>An expectant mother of low status shows remarkable bravery in the face of mortal danger? A female Viking goes on a killing spree on the frontier? Whatever happened in Newfoundland more than 1,000 years ago, one thing we know for certain is that the Norse storytellers knew how to add meat to their tales.<\/p>\n<hr\/><h2><strong>Freyd\u00eds Eir\u00edksd\u00f3ttir in <em>Vikings: Valhalla<\/em><\/strong><\/h2>\n<div class=\"&quot;image-handler__container\" image-handler__container--aspect=\"\" style=\"&quot;padding-bottom:\" calc=\"\"> <picture><source media=\"&quot;(max-width:\" data-srcset=\"&quot;https:\/\/images.immediate.co.uk\/production\/volatile\/sites\/7\/2022\/02\/VAL_101_Unit_01372RC-b0ef0db-e1645794827162.jpg?webp=true&amp;quality=90&amp;resize=299%2C199,\" https:=\"\" type=\"&quot;image\/webp&quot;\"><source media=\"&quot;(max-width:\" data-srcset=\"&quot;https:\/\/images.immediate.co.uk\/production\/volatile\/sites\/7\/2022\/02\/VAL_101_Unit_01372RC-b0ef0db-e1645794827162.jpg?quality=90&amp;resize=299%2C199,\" https:=\"\" type=\"&quot;image\/jpeg&quot;\"><source media=\"&quot;(max-width:\" data-srcset=\"&quot;https:\/\/images.immediate.co.uk\/production\/volatile\/sites\/7\/2022\/02\/VAL_101_Unit_01372RC-b0ef0db-e1645794827162.jpg?webp=true&amp;quality=90&amp;resize=354%2C236&quot;\" type=\"&quot;image\/webp&quot;\"><source media=\"&quot;(max-width:\" data-srcset=\"&quot;https:\/\/images.immediate.co.uk\/production\/volatile\/sites\/7\/2022\/02\/VAL_101_Unit_01372RC-b0ef0db-e1645794827162.jpg?quality=90&amp;resize=354%2C236&quot;\" type=\"&quot;image\/jpeg&quot;\"><source media=\"&quot;(max-width:\" data-srcset=\"&quot;https:\/\/images.immediate.co.uk\/production\/volatile\/sites\/7\/2022\/02\/VAL_101_Unit_01372RC-b0ef0db-e1645794827162.jpg?webp=true&amp;quality=90&amp;resize=404%2C269&quot;\" type=\"&quot;image\/webp&quot;\"><source media=\"&quot;(max-width:\" data-srcset=\"&quot;https:\/\/images.immediate.co.uk\/production\/volatile\/sites\/7\/2022\/02\/VAL_101_Unit_01372RC-b0ef0db-e1645794827162.jpg?quality=90&amp;resize=404%2C269&quot;\" type=\"&quot;image\/jpeg&quot;\"><source media=\"&quot;(max-width:\" data-srcset=\"&quot;https:\/\/images.immediate.co.uk\/production\/volatile\/sites\/7\/2022\/02\/VAL_101_Unit_01372RC-b0ef0db-e1645794827162.jpg?webp=true&amp;quality=90&amp;resize=554%2C369&quot;\" type=\"&quot;image\/webp&quot;\"><source media=\"&quot;(max-width:\" data-srcset=\"&quot;https:\/\/images.immediate.co.uk\/production\/volatile\/sites\/7\/2022\/02\/VAL_101_Unit_01372RC-b0ef0db-e1645794827162.jpg?quality=90&amp;resize=554%2C369&quot;\" type=\"&quot;image\/jpeg&quot;\"><source media=\"&quot;(min-width:\" data-srcset=\"&quot;https:\/\/images.immediate.co.uk\/production\/volatile\/sites\/7\/2022\/02\/VAL_101_Unit_01372RC-b0ef0db-e1645794827162.jpg?webp=true&amp;quality=90&amp;resize=620%2C413&quot;\" type=\"&quot;image\/webp&quot;\"><source media=\"&quot;(min-width:\" data-srcset=\"&quot;https:\/\/images.immediate.co.uk\/production\/volatile\/sites\/7\/2022\/02\/VAL_101_Unit_01372RC-b0ef0db-e1645794827162.jpg?quality=90&amp;resize=620%2C413&quot;\" type=\"&quot;image\/jpeg&quot;\"><source media=\"&quot;(min-width:\" data-srcset=\"&quot;https:\/\/images.immediate.co.uk\/production\/volatile\/sites\/7\/2022\/02\/VAL_101_Unit_01372RC-b0ef0db-e1645794827162.jpg?webp=true&amp;quality=90&amp;resize=407%2C271&quot;\" type=\"&quot;image\/webp&quot;\"><source media=\"&quot;(min-width:\" data-srcset=\"&quot;https:\/\/images.immediate.co.uk\/production\/volatile\/sites\/7\/2022\/02\/VAL_101_Unit_01372RC-b0ef0db-e1645794827162.jpg?quality=90&amp;resize=407%2C271&quot;\" type=\"&quot;image\/jpeg&quot;\"><source media=\"&quot;(min-width:\" data-srcset=\"&quot;https:\/\/images.immediate.co.uk\/production\/volatile\/sites\/7\/2022\/02\/VAL_101_Unit_01372RC-b0ef0db-e1645794827162.jpg?webp=true&amp;quality=90&amp;resize=555%2C370&quot;\" type=\"&quot;image\/webp&quot;\"><source media=\"&quot;(min-width:\" data-srcset=\"&quot;https:\/\/images.immediate.co.uk\/production\/volatile\/sites\/7\/2022\/02\/VAL_101_Unit_01372RC-b0ef0db-e1645794827162.jpg?quality=90&amp;resize=555%2C370&quot;\" type=\"&quot;image\/jpeg&quot;\"><img class=\"&quot;wp-image-201152\" align=\"\" size-landscape_thumbnail=\"\" image-handler__image=\"\" image-handler__image--aspect=\"\" no-wrap=\"\" js-lazyload=\"\" data-src=\"&quot;https:\/\/images.immediate.co.uk\/production\/volatile\/sites\/7\/2022\/02\/VAL_101_Unit_01372RC-b0ef0db-e1645794827162.jpg?quality=90&amp;resize=620%2C413&quot;\" width=\"&quot;620&quot;\" height=\"&quot;413&quot;\" alt=\"&quot;Freydis\" eiriksdottir=\"\" in=\"\" vikings=\"\" valhalla=\"\" title=\"&quot;Freydis\" by=\"\" bernard=\"\" walsh=\"\"\/><\/source><\/source><\/source><\/source><\/source><\/source><\/source><\/source><\/source><\/source><\/source><\/source><\/source><\/source><\/picture><\/div><div class=\"&quot;caption-hold&quot;\"><figcaption class=\"&quot;wp-caption-text&quot;\"><span class=\"&quot;caption-copy&quot;\"><i class=\"&quot;icon-arrow\" icon-camera-circle=\"\"\/> Freydis Eiriksdottir in Vikings Valhalla (Photo by BERNARD WALSH\/NETFLIX)<\/span><\/figcaption><span class=\"&quot;im-image-caption&quot;\"\/><\/div>\n<p>Freyd\u00eds is one of major characters in Netflix\u2019s <em>Vikings: Valhalla<\/em>, the follow-up to Michael Hirst\u2019s six-season epic <em>Vikings<\/em>.<\/p>\n<p>Along with her brother Leif, Freyd\u00eds finds herself in Norway in the aftermath of the <a href=\"&quot;https:\/\/www.historyextra.com\/period\/anglo-saxon\/st-brices-day-massacre-what-happened-how-violent\/&quot;\">St Brice\u2019s Day Massacre<\/a> \u2013 the purported slaughter of \u201call the Danish men in England\u201d as ordered by King Aethelred II in 1002 \u2013 and they are quickly swept up in a tide of revenge that flows from its aftermath.<\/p>\n<p>While the plot contrives to take Leif to England, Freyd\u00eds remains in Scandinavia, where she becomes embroiled in the violent religious struggles between pagan Vikings and those who have converted to Christianity.<\/p>\n<p>Those tensions were real, but Freyd\u00eds\u2019s journey is a fabrication \u2013 or at the very least, one that is impossible to verify. All we know of her comes from the Vinland sagas. If she even existed, there is no evidence that she journeyed to Scandinavia.<\/p><\/body><\/html>\n<hr class=\"no-tts wp-block-separator\"\/>","protected":false},"excerpt":{"rendered":"<p>By Dr J\u00f3hanna Katr\u00edn Fri\u00f0riksd\u00f3ttir Published: Friday, 25 February 2022 at 12:00 am Freyd\u00eds Eir\u00edksd\u00f3ttir is an unforgettable female character who appears in two sagas written in medieval Iceland, the so-called Vinland sagas. Both recount stories that are a blend of history and legend about the Viking settlement of Iceland and then Greenland, before moving [&hellip;]<\/p>\n","protected":false},"author":24,"featured_media":11162,"template":"","categories":[1],"acf":{"readingTimeMinutes":"7"},"uagb_featured_image_src":{"full":["https:\/\/c01.purpledshub.com\/uploads\/sites\/46\/2022\/02\/was-freydis-eiriksdottir-a-hero-or-a-deranged-murderess.jpg",620,412,false],"thumbnail":["https:\/\/c01.purpledshub.com\/uploads\/sites\/46\/2022\/02\/was-freydis-eiriksdottir-a-hero-or-a-deranged-murderess-150x150.jpg",150,150,true],"medium":["https:\/\/c01.purpledshub.com\/uploads\/sites\/46\/2022\/02\/was-freydis-eiriksdottir-a-hero-or-a-deranged-murderess-300x199.jpg",300,199,true],"medium_large":["https:\/\/c01.purpledshub.com\/uploads\/sites\/46\/2022\/02\/was-freydis-eiriksdottir-a-hero-or-a-deranged-murderess.jpg",620,412,false],"large":["https:\/\/c01.purpledshub.com\/uploads\/sites\/46\/2022\/02\/was-freydis-eiriksdottir-a-hero-or-a-deranged-murderess.jpg",620,412,false],"1536x1536":["https:\/\/c01.purpledshub.com\/uploads\/sites\/46\/2022\/02\/was-freydis-eiriksdottir-a-hero-or-a-deranged-murderess.jpg",620,412,false],"2048x2048":["https:\/\/c01.purpledshub.com\/uploads\/sites\/46\/2022\/02\/was-freydis-eiriksdottir-a-hero-or-a-deranged-murderess.jpg",620,412,false]},"uagb_author_info":{"display_name":"importmanagerhub@sprylab.com","author_link":"https:\/\/c01.purpledshub.com\/bbchistory\/author\/importmanagerhubsprylab-com\/"},"uagb_comment_info":0,"uagb_excerpt":"By Dr J\u00f3hanna Katr\u00edn Fri\u00f0riksd\u00f3ttir Published: Friday, 25 February 2022 at 12:00 am Freyd\u00eds Eir\u00edksd\u00f3ttir is an unforgettable female character who appears in two sagas written in medieval Iceland, the so-called Vinland sagas. Both recount stories that are a blend of history and legend about the Viking settlement of Iceland and then Greenland, before moving&hellip;","_links":{"self":[{"href":"https:\/\/c01.purpledshub.com\/bbchistory\/wp-json\/wp\/v2\/rss_feed\/11161"}],"collection":[{"href":"https:\/\/c01.purpledshub.com\/bbchistory\/wp-json\/wp\/v2\/rss_feed"}],"about":[{"href":"https:\/\/c01.purpledshub.com\/bbchistory\/wp-json\/wp\/v2\/types\/rss_feed"}],"author":[{"embeddable":true,"href":"https:\/\/c01.purpledshub.com\/bbchistory\/wp-json\/wp\/v2\/users\/24"}],"wp:featuredmedia":[{"embeddable":true,"href":"https:\/\/c01.purpledshub.com\/bbchistory\/wp-json\/wp\/v2\/media\/11162"}],"wp:attachment":[{"href":"https:\/\/c01.purpledshub.com\/bbchistory\/wp-json\/wp\/v2\/media?parent=11161"}],"wp:term":[{"taxonomy":"category","embeddable":true,"href":"https:\/\/c01.purpledshub.com\/bbchistory\/wp-json\/wp\/v2\/categories?post=11161"}],"curies":[{"name":"wp","href":"https:\/\/api.w.org\/{rel}","templated":true}]}}