{"id":13455,"date":"2022-04-19T17:08:35","date_gmt":"2022-04-19T15:08:35","guid":{"rendered":"https:\/\/www.historyextra.com\/?p=206504"},"modified":"2022-04-19T17:23:10","modified_gmt":"2022-04-19T15:23:10","slug":"peter-caddick-adams-on-genocide-and-the-laws-of-war","status":"publish","type":"rss_feed","link":"https:\/\/c01.purpledshub.com\/bbchistory\/rss_feed\/peter-caddick-adams-on-genocide-and-the-laws-of-war\/","title":{"rendered":"Peter Caddick-Adams on genocide and the laws of war"},"content":{"rendered":"<p class=\"rssexcerpt\"><\/p><p class=\"rssauthor\">By Peter Caddick-Adams\n                \t\t<\/p><p class=\"rssbyline\">Published: Tuesday, 19 April 2022 at 12:00 am<\/p><hr class=\"no-tts wp-block-separator\"\/><?xml version=\"1.0\" encoding=\"UTF-8\" standalone=\"yes\"?>\n<!DOCTYPE html PUBLIC \"-\/\/W3C\/\/DTD HTML 4.0 Transitional\/\/EN\" \"http:\/\/www.w3.org\/TR\/REC-html40\/loose.dtd\">\n<html><body><p>The war in Ukraine has turned very dark in ways few of us expected. Credible reports are pouring in of abuse of civilians, including torture, rape, looting, and executions (which Russia denies). Unlike many recent hostilities, the <a href=\"&quot;https:\/\/www.historyextra.com\/period\/general-history\/russia-invade-ukraine-history-relationship-crimea-why-conflict-facts\/&quot;\">Russian invasion of Ukraine<\/a> has been accompanied by Vladimir Putin\u2019s official declaration of war, phrased in the language of a \u201cspecial military operation\u201d, but warlike in every aspect.<\/p>\n<p>The international response has included a call from leading jurists, policymakers, and intellectuals to create a special tribunal to hold top figures in the Putin regime accountable for their crimes of aggression. However, even before the atrocities uncovered in Bucha and elsewhere, Karim Khan, chief prosecutor of the International Criminal Court (ICC), had opened a wide-ranging war crimes investigation. This was in response to a referral by 39 countries, including the United Kingdom. This will be the first time that such a judicial process has opened while the conflict concerned is still in progress.<\/p>\n<div class=\"&quot;image-handler__container\" image-handler__container--aspect=\"\" style=\"&quot;padding-bottom:\" calc=\"\"> <picture><source media=\"&quot;(max-width:\" data-srcset=\"&quot;https:\/\/images.immediate.co.uk\/production\/volatile\/sites\/7\/2022\/04\/Karim-Khan-ICC-e3e397a.jpg?webp=true&amp;quality=90&amp;resize=298%2C199,\" https:=\"\" type=\"&quot;image\/webp&quot;\"><source media=\"&quot;(max-width:\" data-srcset=\"&quot;https:\/\/images.immediate.co.uk\/production\/volatile\/sites\/7\/2022\/04\/Karim-Khan-ICC-e3e397a.jpg?quality=90&amp;resize=298%2C199,\" https:=\"\" type=\"&quot;image\/jpeg&quot;\"><source media=\"&quot;(max-width:\" data-srcset=\"&quot;https:\/\/images.immediate.co.uk\/production\/volatile\/sites\/7\/2022\/04\/Karim-Khan-ICC-e3e397a.jpg?webp=true&amp;quality=90&amp;resize=354%2C236,\" https:=\"\" type=\"&quot;image\/webp&quot;\"><source media=\"&quot;(max-width:\" data-srcset=\"&quot;https:\/\/images.immediate.co.uk\/production\/volatile\/sites\/7\/2022\/04\/Karim-Khan-ICC-e3e397a.jpg?quality=90&amp;resize=354%2C236,\" https:=\"\" type=\"&quot;image\/jpeg&quot;\"><source media=\"&quot;(max-width:\" data-srcset=\"&quot;https:\/\/images.immediate.co.uk\/production\/volatile\/sites\/7\/2022\/04\/Karim-Khan-ICC-e3e397a.jpg?webp=true&amp;quality=90&amp;resize=403%2C269,\" https:=\"\" type=\"&quot;image\/webp&quot;\"><source media=\"&quot;(max-width:\" data-srcset=\"&quot;https:\/\/images.immediate.co.uk\/production\/volatile\/sites\/7\/2022\/04\/Karim-Khan-ICC-e3e397a.jpg?quality=90&amp;resize=403%2C269,\" https:=\"\" type=\"&quot;image\/jpeg&quot;\"><source media=\"&quot;(max-width:\" data-srcset=\"&quot;https:\/\/images.immediate.co.uk\/production\/volatile\/sites\/7\/2022\/04\/Karim-Khan-ICC-e3e397a.jpg?webp=true&amp;quality=90&amp;resize=553%2C369,\" https:=\"\" type=\"&quot;image\/webp&quot;\"><source media=\"&quot;(max-width:\" data-srcset=\"&quot;https:\/\/images.immediate.co.uk\/production\/volatile\/sites\/7\/2022\/04\/Karim-Khan-ICC-e3e397a.jpg?quality=90&amp;resize=553%2C369,\" https:=\"\" type=\"&quot;image\/jpeg&quot;\"><source media=\"&quot;(min-width:\" data-srcset=\"&quot;https:\/\/images.immediate.co.uk\/production\/volatile\/sites\/7\/2022\/04\/Karim-Khan-ICC-e3e397a.jpg?webp=true&amp;quality=90&amp;resize=619%2C413,\" https:=\"\" type=\"&quot;image\/webp&quot;\"><source media=\"&quot;(min-width:\" data-srcset=\"&quot;https:\/\/images.immediate.co.uk\/production\/volatile\/sites\/7\/2022\/04\/Karim-Khan-ICC-e3e397a.jpg?quality=90&amp;resize=619%2C413,\" https:=\"\" type=\"&quot;image\/jpeg&quot;\"><source media=\"&quot;(min-width:\" data-srcset=\"&quot;https:\/\/images.immediate.co.uk\/production\/volatile\/sites\/7\/2022\/04\/Karim-Khan-ICC-e3e397a.jpg?webp=true&amp;quality=90&amp;resize=406%2C271,\" https:=\"\" type=\"&quot;image\/webp&quot;\"><source media=\"&quot;(min-width:\" data-srcset=\"&quot;https:\/\/images.immediate.co.uk\/production\/volatile\/sites\/7\/2022\/04\/Karim-Khan-ICC-e3e397a.jpg?quality=90&amp;resize=406%2C271,\" https:=\"\" type=\"&quot;image\/jpeg&quot;\"><source media=\"&quot;(min-width:\" data-srcset=\"&quot;https:\/\/images.immediate.co.uk\/production\/volatile\/sites\/7\/2022\/04\/Karim-Khan-ICC-e3e397a.jpg?webp=true&amp;quality=90&amp;resize=555%2C370,\" https:=\"\" type=\"&quot;image\/webp&quot;\"><source media=\"&quot;(min-width:\" data-srcset=\"&quot;https:\/\/images.immediate.co.uk\/production\/volatile\/sites\/7\/2022\/04\/Karim-Khan-ICC-e3e397a.jpg?quality=90&amp;resize=555%2C370,\" https:=\"\" type=\"&quot;image\/jpeg&quot;\"><img class=\"&quot;wp-image-206514\" align=\"\" size-landscape_thumbnail=\"\" image-handler__image=\"\" image-handler__image--aspect=\"\" no-wrap=\"\" js-lazyload=\"\" data-src=\"&quot;https:\/\/images.immediate.co.uk\/production\/volatile\/sites\/7\/2022\/04\/Karim-Khan-ICC-e3e397a.jpg?quality=90&amp;resize=619%2C413&quot;\" width=\"&quot;620&quot;\" height=\"&quot;413&quot;\" alt=\"&quot;&quot;\" title=\"&quot;&quot;\"\/><\/source><\/source><\/source><\/source><\/source><\/source><\/source><\/source><\/source><\/source><\/source><\/source><\/source><\/source><\/picture><\/div><div class=\"&quot;caption-hold&quot;\"><figcaption class=\"&quot;wp-caption-text&quot;\"><span class=\"&quot;caption-copy&quot;\"><i class=\"&quot;icon-arrow\" icon-camera-circle=\"\"\/> Karim Khan, chief prosecutor of the International Criminal Court (ICC), pictured centre, visits a mass grave in Bucha, on the outskirts of Kyiv, on 13 April 2022, amid Russia\u2019s military invasion of Ukraine. (Photo by Fadel Senna\/AFP via Getty Images)<\/span><\/figcaption><span class=\"&quot;im-image-caption&quot;\"\/><\/div>\n<p>The ICC, an international body permanently established in The Hague, Netherlands, was established in 1998 and began sittings in 2002. It replaced the <em>ad hoc<\/em> courts which tried the Second World War aggressors at <a href=\"&quot;https:\/\/www.historyextra.com\/period\/second-world-war\/nazis-who-trial-nuremburg-after-ww2\/&quot;\">Nuremberg<\/a> and Tokyo, and more recent trials against the perpetrators of abuse in <a href=\"&quot;https:\/\/www.historyextra.com\/period\/20th-century\/what-is-genocide-lessons-from-history-ukraine-rwanda-bosnia-cambodia\/&quot;\">Rwanda and Bosnia<\/a>. In recent years, a total of 46 people have been indicted by the ICC, including individuals from Uganda, Sudan, Kenya, Libya, Ivory Coast, and the Democratic Republic of Congo.<\/p>\n<ul><li><strong>Read more | <\/strong><a href=\"&quot;https:\/\/www.historyextra.com\/period\/second-world-war\/forgotten-trials-the-other-side-of-nuremberg\/&quot;\"><strong>Forgotten trials: the other side of Nuremberg<\/strong><\/a><\/li>\n<\/ul><h2>How is genocide proven in court?<\/h2>\n<p>Among the most difficult of charges to prove is \u2018<a href=\"&quot;https:\/\/www.historyextra.com\/period\/20th-century\/what-is-genocide-lessons-from-history-ukraine-rwanda-bosnia-cambodia\/&quot;\">genocide<\/a>\u2019, which has two meanings. One, used by President Zelensky of Ukraine and multiple public figures, is a colloquial description of what is happening in Ukraine today. Politicians and writers have been stumbling over themselves to describe the many violent events in civilian areas of Ukraine as genocide.<\/p>\n<p>However, there is also a precise legal definition, which requires proof of the kind that takes years to assemble and test in a court. Dr Iva Vukusic of Utrecht University, an expert on the warring militias of the former Yugoslavia, has observed: \u201cThe key thing that sets genocide apart from other international crimes is an intent to destroy, in whole or in part, one of four sectors of a population, whether national, ethnic, racial or religious groups.\u201d<\/p>\n<p>The testimony of the victims is not sufficient. A paper trail, voice recordings or similar, are needed to prove that there is a premeditated intention to exterminate a particular group within the wider population. It is \u201cone of the international crimes that has the highest intent threshold,\u201d according to Yasmine Ahmed, UK director of the charity Human Rights Watch (HRW). That is why it is so hard to prove.<\/p>\n<ul><li><strong>Read more | <a href=\"&quot;https:\/\/www.historyextra.com\/period\/20th-century\/what-is-genocide-lessons-from-history-ukraine-rwanda-bosnia-cambodia\/&quot;\">Genocide: what can we learn from atrocities in Rwanda, Armenia &amp; beyond?<\/a><\/strong><\/li>\n<\/ul><p>The architect of the term, codified as an international crime by the General Assembly of the United Nations in 1948, was Raphael Lemkin (1900\u201359). He devised the word from <em>genos<\/em> (Greek: \u03b3\u03ad\u03bd\u03bf\u03c2 g\u00e9nos, \u2018family, clan, tribe, race, stock, kin\u2019) and <em>-cide<\/em> (Latin: -c\u012bdium, \u2018killing\u2019). A polyglot who spoke nine languages, Lemkin was born in what is now modern Belarus and studied at Lviv (then called Lw\u00f3w) and Heidelberg universities, specialising in international law and foreign languages respectively. Significantly, a posthumous paper of his \u2013 <em>Soviet genocide in Ukraine<\/em>, published posthumously in 2014 \u2013 was banned by the Russian Federation as an \u201cextremist publication\u201d the following year.<\/p>\n<div class=\"&quot;image-handler__container\" image-handler__container--aspect=\"\" style=\"&quot;padding-bottom:\" calc=\"\"> <picture><source media=\"&quot;(max-width:\" data-srcset=\"&quot;https:\/\/images.immediate.co.uk\/production\/volatile\/sites\/7\/2022\/04\/Raphael-Lemkin-8846e30.jpg?webp=true&amp;quality=90&amp;resize=160%2C199,\" https:=\"\" type=\"&quot;image\/webp&quot;\"><source media=\"&quot;(max-width:\" data-srcset=\"&quot;https:\/\/images.immediate.co.uk\/production\/volatile\/sites\/7\/2022\/04\/Raphael-Lemkin-8846e30.jpg?quality=90&amp;resize=160%2C199,\" https:=\"\" type=\"&quot;image\/jpeg&quot;\"><source media=\"&quot;(max-width:\" data-srcset=\"&quot;https:\/\/images.immediate.co.uk\/production\/volatile\/sites\/7\/2022\/04\/Raphael-Lemkin-8846e30.jpg?webp=true&amp;quality=90&amp;resize=190%2C236,\" https:=\"\" type=\"&quot;image\/webp&quot;\"><source media=\"&quot;(max-width:\" data-srcset=\"&quot;https:\/\/images.immediate.co.uk\/production\/volatile\/sites\/7\/2022\/04\/Raphael-Lemkin-8846e30.jpg?quality=90&amp;resize=190%2C236,\" https:=\"\" type=\"&quot;image\/jpeg&quot;\"><source media=\"&quot;(max-width:\" data-srcset=\"&quot;https:\/\/images.immediate.co.uk\/production\/volatile\/sites\/7\/2022\/04\/Raphael-Lemkin-8846e30.jpg?webp=true&amp;quality=90&amp;resize=216%2C269,\" https:=\"\" type=\"&quot;image\/webp&quot;\"><source media=\"&quot;(max-width:\" data-srcset=\"&quot;https:\/\/images.immediate.co.uk\/production\/volatile\/sites\/7\/2022\/04\/Raphael-Lemkin-8846e30.jpg?quality=90&amp;resize=216%2C269,\" https:=\"\" type=\"&quot;image\/jpeg&quot;\"><source media=\"&quot;(max-width:\" data-srcset=\"&quot;https:\/\/images.immediate.co.uk\/production\/volatile\/sites\/7\/2022\/04\/Raphael-Lemkin-8846e30.jpg?webp=true&amp;quality=90&amp;resize=297%2C369,\" https:=\"\" type=\"&quot;image\/webp&quot;\"><source media=\"&quot;(max-width:\" data-srcset=\"&quot;https:\/\/images.immediate.co.uk\/production\/volatile\/sites\/7\/2022\/04\/Raphael-Lemkin-8846e30.jpg?quality=90&amp;resize=297%2C369,\" https:=\"\" type=\"&quot;image\/jpeg&quot;\"><source media=\"&quot;(min-width:\" data-srcset=\"&quot;https:\/\/images.immediate.co.uk\/production\/volatile\/sites\/7\/2022\/04\/Raphael-Lemkin-8846e30.jpg?webp=true&amp;quality=90&amp;resize=332%2C413,\" https:=\"\" type=\"&quot;image\/webp&quot;\"><source media=\"&quot;(min-width:\" data-srcset=\"&quot;https:\/\/images.immediate.co.uk\/production\/volatile\/sites\/7\/2022\/04\/Raphael-Lemkin-8846e30.jpg?quality=90&amp;resize=332%2C413,\" https:=\"\" type=\"&quot;image\/jpeg&quot;\"><source media=\"&quot;(min-width:\" data-srcset=\"&quot;https:\/\/images.immediate.co.uk\/production\/volatile\/sites\/7\/2022\/04\/Raphael-Lemkin-8846e30.jpg?webp=true&amp;quality=90&amp;resize=218%2C271,\" https:=\"\" type=\"&quot;image\/webp&quot;\"><source media=\"&quot;(min-width:\" data-srcset=\"&quot;https:\/\/images.immediate.co.uk\/production\/volatile\/sites\/7\/2022\/04\/Raphael-Lemkin-8846e30.jpg?quality=90&amp;resize=218%2C271,\" https:=\"\" type=\"&quot;image\/jpeg&quot;\"><source media=\"&quot;(min-width:\" data-srcset=\"&quot;https:\/\/images.immediate.co.uk\/production\/volatile\/sites\/7\/2022\/04\/Raphael-Lemkin-8846e30.jpg?webp=true&amp;quality=90&amp;resize=298%2C370,\" https:=\"\" type=\"&quot;image\/webp&quot;\"><source media=\"&quot;(min-width:\" data-srcset=\"&quot;https:\/\/images.immediate.co.uk\/production\/volatile\/sites\/7\/2022\/04\/Raphael-Lemkin-8846e30.jpg?quality=90&amp;resize=298%2C370,\" https:=\"\" type=\"&quot;image\/jpeg&quot;\"><img class=\"&quot;wp-image-206516\" align=\"\" size-landscape_thumbnail=\"\" image-handler__image=\"\" image-handler__image--aspect=\"\" no-wrap=\"\" js-lazyload=\"\" data-src=\"&quot;https:\/\/images.immediate.co.uk\/production\/volatile\/sites\/7\/2022\/04\/Raphael-Lemkin-8846e30.jpg?quality=90&amp;resize=332%2C413&quot;\" width=\"&quot;620&quot;\" height=\"&quot;413&quot;\" alt=\"&quot;&quot;\" title=\"&quot;&quot;\"\/><\/source><\/source><\/source><\/source><\/source><\/source><\/source><\/source><\/source><\/source><\/source><\/source><\/source><\/source><\/picture><\/div><div class=\"&quot;caption-hold&quot;\"><figcaption class=\"&quot;wp-caption-text&quot;\"><span class=\"&quot;caption-copy&quot;\"><i class=\"&quot;icon-arrow\" icon-camera-circle=\"\"\/> Raphael Lemkin. (Photo by Bettmann via Getty Images)<\/span><\/figcaption><span class=\"&quot;im-image-caption&quot;\"\/><\/div>\n<p>Another student of the international law faculty at Lw\u00f3w (then called Lemberg, as part of Austria-Hungary), was Hersch Lauterpacht (1897\u20131960). It was he who inserted the indictment of \u201ccrimes against humanity\u201d \u2013 murderous acts by a state against individuals, often its own citizens \u2013 into the 1945\u201346 <a href=\"&quot;https:\/\/www.historyextra.com\/period\/second-world-war\/nazis-who-trial-nuremburg-after-ww2\/&quot;\">Nuremberg trials<\/a>. He helped draft many of the speeches of Sir Hartley Shawcross, the chief British prosecutor. These relate to events both in war and peacetime that, as part of a widespread systematic policy by a state, cause large-scale human suffering or death to a civilian population. Unlike war crimes, which can be committed by individuals, crimes against humanity are generally committed by a national organisation, like an army or a police force.<\/p>\n<h2>How are war crimes defined?<\/h2>\n<p>A third category of indictments that might be applied to Russian activities in Ukraine are \u2018war crimes\u2019. These are activities committed specifically against the series of international treaties and declarations that govern the way war is fought. They were adopted at international peace conferences in 1899, 1907, and 1954, held at the Hague, and became known as the Hague Conventions. They relate solely to acts committed by individuals in war and cover a range of atrocities, including killing civilians or prisoners of war, unnecessarily destroying civilian property, and sexual violence. The 1954 convention relates to the protection of cultural property in armed conflict.<\/p>\n<p>War crimes are perhaps the easiest to define, as they run counter to the Hague Conventions just described. Such crimes also contravene the four Conventions and three additional Protocols which complement them, ratified at Geneva at different times, known collectively as the Law of Armed Conflict.<\/p>\n<p>The first Geneva Convention was initiated in 1864 by what is now the International Committee for the Red Cross and Red Crescent (ICRC) and today they provide minimum standards of humane treatment and protection to war\u2019s victims. They cover civilians, prisoners of war (POWs), and soldiers who are wounded or otherwise incapable of fighting. Although being charged with either of the above categories, international lawyers observe a sense that the headline-grabbing charge of genocide is \u2018the crime of crimes\u2019, though not set in any law as such.<\/p>\n<section class=\"&quot;highlight\"><div class=\"&quot;highlight__content\" editor-content=\"\"> <h3>Russia-Ukraine war: events in context<\/h3>\n<ul><li><a href=\"&quot;https:\/\/www.historyextra.com\/period\/general-history\/russia-invade-ukraine-history-relationship-crimea-why-conflict-facts\/&quot;\"><strong>Russia-Ukraine crisis: 9 milestone moments in history that explain today\u2019s invasion<\/strong><\/a><\/li>\n<li><a href=\"&quot;https:\/\/www.historyextra.com\/period\/21st-century\/russia-ukraine-roots-crisis-keith-lowe-comment\/&quot;\"><strong>Why has Russia always refused to let Ukraine go?<\/strong><\/a><\/li>\n<li><a href=\"&quot;https:\/\/www.historyextra.com\/period\/second-world-war\/russian-generals-killed-in-battle-compared-ukraine\/&quot;\"><strong>More Russian generals killed in Ukraine than WW2<\/strong><\/a><\/li>\n<li><a href=\"&quot;https:\/\/www.historyextra.com\/period\/20th-century\/nato-russia-soviet-union-history-post-ww2-tensions\/&quot;\"><strong>Nato, Russia, and the history of the post-WW2 tensions<\/strong><\/a><\/li>\n<li><strong><a href=\"&quot;https:\/\/www.historyextra.com\/period\/20th-century\/america-russia-relationship-missed-opportunity-for-peace-why-history\/&quot;\">Why did America and Russia squander an opportunity for peace in the 1990s?<\/a><\/strong><\/li>\n<li><strong><a href=\"&quot;https:\/\/www.historyextra.com\/period\/20th-century\/holodomor-soviet-ukraine-history-facts-deaths-genocide-cause\/&quot;\">Stalin\u2019s famine: a brief history of the Holodomor in Soviet Ukraine<\/a><\/strong><\/li>\n<\/ul><p> <\/p><\/div> <\/section><p>Thus, when President Zelensky accuses Russia of committing a genocide in his country, he might technically be referring to war crimes, and even crimes against humanity, which nevertheless fall short of legal genocide. This is why, when British prime minister Boris Johnson recently stated that the events in Bucha \u201cdo not look far short of genocide,\u201d a Downing Street spokesperson then clarified that \u201cthe determination of genocide should rightly be made by a competent court, rather than by the UK government\u201d.<\/p>\n<p>And although initially cautious, US President Joe Biden on 12 April accused Russian forces of committing acts of genocide in Ukraine. He told journalists: \u201cYes, I called it genocide because it\u2019s become clearer and clearer that Putin is just trying to wipe out the idea of even being Ukrainian.\u201d<\/p>\n<div class=\"&quot;row&quot;\"> <div class=\"&quot;col-10\" offset-1=\"\"> <div class=\"&quot;embed&quot;\"> <div class=\"&quot;template-article__pullquote\" mt-md=\"\" mb-md=\"\"> <blockquote class=\"&quot;pullquote\" heading-4=\"\"> <span class=\"&quot;pullquote__icon\" pullquote__icon--left=\"\" icon-pullquote=\"\" data-grunticon-embed=\"\"\/>There is no reason to think that the Russian politicians and military figures behind the awful events unfolding on a daily basis will not, one day, be brought to justice<span class=\"&quot;pullquote__icon\" pullquote__icon--right=\"\" icon-pullquote=\"\" data-grunticon-embed=\"\"\/> <footer class=\"&quot;pullquote__author\" body-copy-small=\"\">Peter Caddick-Adams<\/footer><\/blockquote> <\/div> <\/div> <\/div>\n<\/div> <p>When it comes to bringing individuals to trial, with all the difficulties that might ensue in finding and removing someone from the Russian Federation, it is worth remembering that individuals can be tried <em>in absentia<\/em>. This means they are physically absent during the proceedings. International jurists generally recognise such a situation if the accused is aware of the trial, is in hiding abroad, or if an attorney is assigned to represent them.<\/p>\n<p>Martin Bormann, a Nazi official and <a href=\"&quot;https:\/\/www.historyextra.com\/period\/second-world-war\/adolf-hitler-fuhrer-facts-guide-rise-nazi-dictator-biography-pictures\/&quot;\">Hitler<\/a>\u2019s private secretary, was tried <em>in absentia<\/em> and convicted of war crimes and crimes against humanity at the Nuremberg trial of 1946. Changes of government and political will were also responsible for bringing the former Serbian president, Slobodan Milo\u0161evi\u0107 (who died during his trial); Bosnian Serb Army chief, General Ratko Mladi\u0107; and leader of the Bosnian Serbs, Radovan Karad\u017ei\u0107, before the International Criminal Tribunal for the former Yugoslavia (ICTY). When their crimes were committed, there seemed little likelihood of them ever being brought to justice. Eventually, of 161 indicted individuals from that war, 91 were sentenced.<\/p>\n<div class=\"&quot;image-handler__container\" image-handler__container--aspect=\"\" style=\"&quot;padding-bottom:\" calc=\"\"> <picture><source media=\"&quot;(max-width:\" data-srcset=\"&quot;https:\/\/images.immediate.co.uk\/production\/volatile\/sites\/7\/2022\/04\/Martin-Bormann-ae8bace.jpg?webp=true&amp;quality=90&amp;resize=272%2C199,\" https:=\"\" type=\"&quot;image\/webp&quot;\"><source media=\"&quot;(max-width:\" data-srcset=\"&quot;https:\/\/images.immediate.co.uk\/production\/volatile\/sites\/7\/2022\/04\/Martin-Bormann-ae8bace.jpg?quality=90&amp;resize=272%2C199,\" https:=\"\" type=\"&quot;image\/jpeg&quot;\"><source media=\"&quot;(max-width:\" data-srcset=\"&quot;https:\/\/images.immediate.co.uk\/production\/volatile\/sites\/7\/2022\/04\/Martin-Bormann-ae8bace.jpg?webp=true&amp;quality=90&amp;resize=322%2C236,\" https:=\"\" type=\"&quot;image\/webp&quot;\"><source media=\"&quot;(max-width:\" data-srcset=\"&quot;https:\/\/images.immediate.co.uk\/production\/volatile\/sites\/7\/2022\/04\/Martin-Bormann-ae8bace.jpg?quality=90&amp;resize=322%2C236,\" https:=\"\" type=\"&quot;image\/jpeg&quot;\"><source media=\"&quot;(max-width:\" data-srcset=\"&quot;https:\/\/images.immediate.co.uk\/production\/volatile\/sites\/7\/2022\/04\/Martin-Bormann-ae8bace.jpg?webp=true&amp;quality=90&amp;resize=368%2C269,\" https:=\"\" type=\"&quot;image\/webp&quot;\"><source media=\"&quot;(max-width:\" data-srcset=\"&quot;https:\/\/images.immediate.co.uk\/production\/volatile\/sites\/7\/2022\/04\/Martin-Bormann-ae8bace.jpg?quality=90&amp;resize=368%2C269,\" https:=\"\" type=\"&quot;image\/jpeg&quot;\"><source media=\"&quot;(max-width:\" data-srcset=\"&quot;https:\/\/images.immediate.co.uk\/production\/volatile\/sites\/7\/2022\/04\/Martin-Bormann-ae8bace.jpg?webp=true&amp;quality=90&amp;resize=504%2C369,\" https:=\"\" type=\"&quot;image\/webp&quot;\"><source media=\"&quot;(max-width:\" data-srcset=\"&quot;https:\/\/images.immediate.co.uk\/production\/volatile\/sites\/7\/2022\/04\/Martin-Bormann-ae8bace.jpg?quality=90&amp;resize=504%2C369,\" https:=\"\" type=\"&quot;image\/jpeg&quot;\"><source media=\"&quot;(min-width:\" data-srcset=\"&quot;https:\/\/images.immediate.co.uk\/production\/volatile\/sites\/7\/2022\/04\/Martin-Bormann-ae8bace.jpg?webp=true&amp;quality=90&amp;resize=564%2C413,\" https:=\"\" type=\"&quot;image\/webp&quot;\"><source media=\"&quot;(min-width:\" data-srcset=\"&quot;https:\/\/images.immediate.co.uk\/production\/volatile\/sites\/7\/2022\/04\/Martin-Bormann-ae8bace.jpg?quality=90&amp;resize=564%2C413,\" https:=\"\" type=\"&quot;image\/jpeg&quot;\"><source media=\"&quot;(min-width:\" data-srcset=\"&quot;https:\/\/images.immediate.co.uk\/production\/volatile\/sites\/7\/2022\/04\/Martin-Bormann-ae8bace.jpg?webp=true&amp;quality=90&amp;resize=370%2C271,\" https:=\"\" type=\"&quot;image\/webp&quot;\"><source media=\"&quot;(min-width:\" data-srcset=\"&quot;https:\/\/images.immediate.co.uk\/production\/volatile\/sites\/7\/2022\/04\/Martin-Bormann-ae8bace.jpg?quality=90&amp;resize=370%2C271,\" https:=\"\" type=\"&quot;image\/jpeg&quot;\"><source media=\"&quot;(min-width:\" data-srcset=\"&quot;https:\/\/images.immediate.co.uk\/production\/volatile\/sites\/7\/2022\/04\/Martin-Bormann-ae8bace.jpg?webp=true&amp;quality=90&amp;resize=506%2C370,\" https:=\"\" type=\"&quot;image\/webp&quot;\"><source media=\"&quot;(min-width:\" data-srcset=\"&quot;https:\/\/images.immediate.co.uk\/production\/volatile\/sites\/7\/2022\/04\/Martin-Bormann-ae8bace.jpg?quality=90&amp;resize=506%2C370,\" https:=\"\" type=\"&quot;image\/jpeg&quot;\"><img class=\"&quot;wp-image-206518\" align=\"\" size-landscape_thumbnail=\"\" image-handler__image=\"\" image-handler__image--aspect=\"\" no-wrap=\"\" js-lazyload=\"\" data-src=\"&quot;https:\/\/images.immediate.co.uk\/production\/volatile\/sites\/7\/2022\/04\/Martin-Bormann-ae8bace.jpg?quality=90&amp;resize=564%2C413&quot;\" width=\"&quot;620&quot;\" height=\"&quot;413&quot;\" alt=\"&quot;&quot;\" title=\"&quot;&quot;\"\/><\/source><\/source><\/source><\/source><\/source><\/source><\/source><\/source><\/source><\/source><\/source><\/source><\/source><\/source><\/picture><\/div><div class=\"&quot;caption-hold&quot;\"><figcaption class=\"&quot;wp-caption-text&quot;\"><span class=\"&quot;caption-copy&quot;\"><i class=\"&quot;icon-arrow\" icon-camera-circle=\"\"\/> Martin Bormann, pictured right, with Adolf Hitler and Joachim von Ribbentrop, foreign minister under the Nazi regime, in August 1943. (Photo by ullstein bild via Getty Images)<\/span><\/figcaption><span class=\"&quot;im-image-caption&quot;\"\/><\/div>\n<p>Another option is internal investigations by the Ukrainian national judiciary, who at the time of writing have opened cases on 4,820 incidents of alleged war crimes by Russian forces in the country. By tradition, states have no authority to prosecute sitting heads of state, whereas the ICC can. This is why, even if the possibility seems remote at present, there is no reason to think that the Russian politicians and military figures behind the awful events unfolding on a daily basis will not, one day, be brought to justice.<\/p>\n<p><strong><a href=\"&quot;https:\/\/www.historyextra.com\/author\/petercaddickadams\/&quot;\">Peter Caddick-Adams<\/a> is a writer and broadcaster who specialises in military history, defence and security issues. He lectures at universities, military academies and staff colleges around the world and spent 35 years as an officer in the UK Regular and Reserve Forces. His next book, <em>1945: Victory in the West<\/em>, is due to be published by Penguin in May 2022<\/strong><\/p><\/body><\/html>\n<hr class=\"no-tts wp-block-separator\"\/>","protected":false},"excerpt":{"rendered":"<p>By Peter Caddick-Adams Published: Tuesday, 19 April 2022 at 12:00 am The war in Ukraine has turned very dark in ways few of us expected. Credible reports are pouring in of abuse of civilians, including torture, rape, looting, and executions (which Russia denies). Unlike many recent hostilities, the Russian invasion of Ukraine has been accompanied [&hellip;]<\/p>\n","protected":false},"author":24,"featured_media":13456,"template":"","categories":[1],"acf":{"readingTimeMinutes":"8"},"uagb_featured_image_src":{"full":["https:\/\/c01.purpledshub.com\/uploads\/sites\/46\/2022\/04\/peter-caddick-adams-on-genocide-and-the-laws-of-war.jpg",621,413,false],"thumbnail":["https:\/\/c01.purpledshub.com\/uploads\/sites\/46\/2022\/04\/peter-caddick-adams-on-genocide-and-the-laws-of-war-150x150.jpg",150,150,true],"medium":["https:\/\/c01.purpledshub.com\/uploads\/sites\/46\/2022\/04\/peter-caddick-adams-on-genocide-and-the-laws-of-war-300x200.jpg",300,200,true],"medium_large":["https:\/\/c01.purpledshub.com\/uploads\/sites\/46\/2022\/04\/peter-caddick-adams-on-genocide-and-the-laws-of-war.jpg",621,413,false],"large":["https:\/\/c01.purpledshub.com\/uploads\/sites\/46\/2022\/04\/peter-caddick-adams-on-genocide-and-the-laws-of-war.jpg",621,413,false],"1536x1536":["https:\/\/c01.purpledshub.com\/uploads\/sites\/46\/2022\/04\/peter-caddick-adams-on-genocide-and-the-laws-of-war.jpg",621,413,false],"2048x2048":["https:\/\/c01.purpledshub.com\/uploads\/sites\/46\/2022\/04\/peter-caddick-adams-on-genocide-and-the-laws-of-war.jpg",621,413,false]},"uagb_author_info":{"display_name":"importmanagerhub@sprylab.com","author_link":"https:\/\/c01.purpledshub.com\/bbchistory\/author\/importmanagerhubsprylab-com\/"},"uagb_comment_info":0,"uagb_excerpt":"By Peter Caddick-Adams Published: Tuesday, 19 April 2022 at 12:00 am The war in Ukraine has turned very dark in ways few of us expected. Credible reports are pouring in of abuse of civilians, including torture, rape, looting, and executions (which Russia denies). Unlike many recent hostilities, the Russian invasion of Ukraine has been accompanied&hellip;","_links":{"self":[{"href":"https:\/\/c01.purpledshub.com\/bbchistory\/wp-json\/wp\/v2\/rss_feed\/13455"}],"collection":[{"href":"https:\/\/c01.purpledshub.com\/bbchistory\/wp-json\/wp\/v2\/rss_feed"}],"about":[{"href":"https:\/\/c01.purpledshub.com\/bbchistory\/wp-json\/wp\/v2\/types\/rss_feed"}],"author":[{"embeddable":true,"href":"https:\/\/c01.purpledshub.com\/bbchistory\/wp-json\/wp\/v2\/users\/24"}],"wp:featuredmedia":[{"embeddable":true,"href":"https:\/\/c01.purpledshub.com\/bbchistory\/wp-json\/wp\/v2\/media\/13456"}],"wp:attachment":[{"href":"https:\/\/c01.purpledshub.com\/bbchistory\/wp-json\/wp\/v2\/media?parent=13455"}],"wp:term":[{"taxonomy":"category","embeddable":true,"href":"https:\/\/c01.purpledshub.com\/bbchistory\/wp-json\/wp\/v2\/categories?post=13455"}],"curies":[{"name":"wp","href":"https:\/\/api.w.org\/{rel}","templated":true}]}}