{"id":44035,"date":"2024-06-17T12:05:14","date_gmt":"2024-06-17T10:05:14","guid":{"rendered":"http:\/\/89b257d8-0078-4fc7-b709-19d244be038a"},"modified":"2024-06-17T12:36:11","modified_gmt":"2024-06-17T10:36:11","slug":"belgium-national-anthem-what-are-the-lyrics-to-la-brabanconne","status":"publish","type":"rss_feed","link":"https:\/\/c01.purpledshub.com\/bbcmusicmagazine\/rss_feed\/belgium-national-anthem-what-are-the-lyrics-to-la-brabanconne\/","title":{"rendered":"Belgium national anthem: what are the lyrics to &#8216;La Braban\u00e7onne&#8217;?"},"content":{"rendered":"<p class=\"rssexcerpt\"><\/p><p class=\"rssauthor\">By <\/p><p class=\"rssbyline\">Published: Monday, 17 June 2024 at 10:05 AM<\/p><hr class=\"no-tts wp-block-separator\"\/><?xml version=\"1.0\" encoding=\"UTF-8\" standalone=\"yes\"?>\n<!DOCTYPE html PUBLIC \"-\/\/W3C\/\/DTD HTML 4.0 Transitional\/\/EN\" \"http:\/\/www.w3.org\/TR\/REC-html40\/loose.dtd\">\n<html><body><p>Here are the lyrics to the national anthem of Belgium, &#8216;<strong>La Braban\u00e7onne<\/strong>&#8216; (or &#8216;Song of Brabant&#8217;). <\/p><h2 class=\"wp-block-heading\" id=\"h-why-is-it-known-as-la-brabanconne\">Why is it known as La Braban\u00e7onne?<\/h2><p>The national anthem of Belgium is known as &#8216;<strong>La Braban\u00e7onne<\/strong>&#8216; in French, as <em>&#8216;<\/em>De Braban\u00e7onne&#8217; in Dutch and as &#8216;Das Lied von Brabant<em>&#8216; <\/em>in German. The title refers to the\u00a0<a href=\"https:\/\/en.wikipedia.org\/wiki\/Duchy_of_Brabant\" target=\"_blank\" rel=\"noreferrer noopener\"><strong>Duchy of Brabant<\/strong><\/a>, a state of the Holy Roman Empire which formed the heart of the historic Low Countries (Belgium, Luxembourg, and the Netherlands).<\/p><figure class=\"wp-block-embed is-type-video is-provider-youtube wp-block-embed-youtube wp-embed-aspect-4-3 wp-has-aspect-ratio\"><div class=\"wp-block-embed__wrapper\"><iframe loading=\"lazy\" title=\"Belgian National Anthem - &quot;La Braban\u00e7onne&quot; (FR\/DE\/NL\/EN)\" width=\"800\" height=\"600\" src=\"https:\/\/www.youtube.com\/embed\/d9u_Ituu2Q8?feature=oembed\" frameborder=\"0\" allow=\"accelerometer; autoplay; clipboard-write; encrypted-media; gyroscope; picture-in-picture; web-share\" referrerpolicy=\"strict-origin-when-cross-origin\" allowfullscreen=\"\"\/><\/div><\/figure><h2 class=\"wp-block-heading\" id=\"h-what-language-is-it-sung-in\">What language is it sung in?<\/h2><p>The national anthem of Belgium has traditionally been sung in all three of the languages spoken in the country: French, Dutch and German. <\/p><p>Recently, an unofficial short version of the anthem has been adopted for\u00a0<a href=\"https:\/\/en.wikipedia.org\/wiki\/Belgian_National_Day\" target=\"_blank\" rel=\"noreferrer noopener\"><strong>Belgian<\/strong><\/a><a href=\"https:\/\/en.wikipedia.org\/wiki\/Belgian_National_Day\"><strong> National Day<\/strong><\/a>\u00a0on 21 July each year. This new version draws on the lyrics from all three languages, a little like of the anthem in all three of Belgium&#8217;s official languages, in the same way that the <strong><a href=\"https:\/\/www.classical-music.com\/articles\/canadian-national-anthem-o-canada-lyrics\">Canada national anthem<\/a><\/strong> uses a mixture of English and French. <\/p><h2 class=\"wp-block-heading\" id=\"h-more-national-anthem-lyrics\">More national anthem lyrics<\/h2><p>You can find the lyrics to many more <strong><a href=\"https:\/\/www.classical-music.com\/search?phrase=national%20anthem\">national anthems<\/a><\/strong> on our website. You might want to check out the anthems of Belgium&#8217;s Group E opponents at Euro 2024, so here are the lyrics to the <strong><a href=\"https:\/\/www.classical-music.com\/articles\/ukraine-national-anthem-lyrics\">Ukraine national anthem<\/a><\/strong>, to the <strong><a href=\"https:\/\/www.classical-music.com\/features\/works\/romania-national-anthem-lyrics\">national anthem of Romania<\/a><\/strong>, and to Slovakia&#8217;s national anthem.<\/p><h2 class=\"wp-block-heading\" id=\"h-belgium-national-anthem-lyrics-english\">Belgium national anthem lyrics: English<\/h2><p>O dear Belgium, O holy land of the fathers \u2013<br\/>Our soul and our heart are devoted to you!<br\/>With blood to spill for you, O fatherland!<br\/>We swear with one cry \u2013 You shall live!<br\/>So gladly bloom in beauty full,<br\/>Into what freedom has taught you to be,<br\/>And evermore shall sing your sons:<br\/>The King, the Law, the Liberty!<br\/>Faithful to the word that you may speak boldly,<br\/>For King, for Freedom and for Law!<br\/>To Law and King and Freedom, hail!<br\/>The King, the Law, the Liberty!<\/p><h2 class=\"wp-block-heading\" id=\"h-belgium-national-anthem-lyrics-french-version\">Belgium national anthem lyrics: French version<\/h2><p>\u00d4 Belgique, \u00f4 m\u00e8re ch\u00e9rie,<br\/>\u00c0 toi nos c\u0153urs, \u00e0 toi nos bras,<br\/>\u00c0 toi notre sang, \u00f4 Patrie !<br\/>Nous le jurons tous, tu vivras !<br\/>Tu vivras toujours grande et belle<br\/>Et ton invincible unit\u00e9<br\/>Aura pour devise immortelle :<br\/>Le Roi, la Loi, la Libert\u00e9 !<br\/>Aura pour devise immortelle :<br\/>Le Roi, la Loi, la Libert\u00e9 !<br\/>Le Roi, la Loi, la Libert\u00e9 !<br\/>Le Roi, la Loi, la Libert\u00e9 !<\/p><h2 class=\"wp-block-heading\">Dutch version:<\/h2><p>O dierbaar Belgi\u00eb, O heilig land der Vad&#8217;ren,<br\/>Onze ziel en ons hart zijn u gewijd.<br\/>Aanvaard ons kracht en bloed van ons ad&#8217;ren,<br\/>Wees ons doel in arbeid en in strijd.<br\/>Bloei, o land, in eendracht niet te breken;<br\/>Wees immer uzelf en ongeknecht,<br\/>Het woord getrouw, dat g&#8217; onbevreesd moogt spreken,<br\/>Voor Vorst, voor Vrijheid en voor Recht!<br\/>Het woord getrouw, dat g&#8217; onbevreesd moogt spreken,<br\/>Voor Vorst, voor Vrijheid en voor Recht!<br\/>Voor Vorst, voor Vrijheid en voor Recht!<br\/>Voor Vorst, voor Vrijheid en voor Recht!<\/p><h2 class=\"wp-block-heading\">German version:<\/h2><p>O liebes Land, o Belgiens Erde,<br\/>Dir unser Herz, Dir unsere Hand,<br\/>Dir unser Blut, dem Heimatherde,<br\/>wir schworen&#8217;s Dir, o Vaterland!<br\/>So bl\u00fche froh in voller Sch\u00f6ne,<br\/>zu der die Freiheit Dich erzog,<br\/>und fortan singen Deine S\u00f6hne:<br\/>&#8220;Gesetz und K\u00f6nig und die Freiheit hoch!&#8221;<br\/>und fortan singen Deine S\u00f6hne:<br\/>&#8220;Gesetz und K\u00f6nig und die Freiheit hoch!&#8221;<br\/>&#8220;Gesetz und K\u00f6nig und die Freiheit hoch!&#8221;<br\/>&#8220;Gesetz und K\u00f6nig und die Freiheit hoch!&#8221;<\/p><h2 class=\"wp-block-heading\" id=\"h-belgium-national-anthem-lyrics-trilingual-version\">Belgium national anthem lyrics: trilingual version<\/h2><p>O dierbaar Belgi\u00eb, O heilig land der Vaad&#8217;ren,<br\/>Onze ziel en ons hart zijn u gewijd.<br\/>\u00c0 toi notre sang, \u00f4 Patrie\u00a0!<br\/>Nous le jurons tous, tu vivras\u00a0!<br\/>So bl\u00fche froh in voller Sch\u00f6ne,<br\/>zu der die Freiheit Dich erzog,<br\/>und fortan singen Deine S\u00f6hne:<br\/>Le Roi, la Loi, la Libert\u00e9\u00a0!<br\/>Het woord getrouw, dat g&#8217; onbevreesd moogt spreken,<br\/>Voor Vorst, voor Vrijheid en voor Recht!<br\/>Gesetz und K\u00f6nig und die Freiheit hoch!<br\/>Le Roi, la Loi, la Libert\u00e9\u00a0!<\/p> <\/body><\/html>\n<hr class=\"no-tts wp-block-separator\"\/>","protected":false},"excerpt":{"rendered":"<p>By Published: Monday, 17 June 2024 at 10:05 AM Here are the lyrics to the national anthem of Belgium, &#8216;La Braban\u00e7onne&#8216; (or &#8216;Song of Brabant&#8217;). Why is it known as La Braban\u00e7onne? The national anthem of Belgium is known as &#8216;La Braban\u00e7onne&#8216; in French, as &#8216;De Braban\u00e7onne&#8217; in Dutch and as &#8216;Das Lied von Brabant&#8216; [&hellip;]<\/p>\n","protected":false},"author":24,"featured_media":44036,"template":"","categories":[1,17],"acf":{"readingTimeMinutes":"3"},"uagb_featured_image_src":{"full":["https:\/\/c01.purpledshub.com\/uploads\/sites\/37\/2024\/06\/belgium-national-anthem-what-are-the-lyrics-to-la-brabanconne.png",1201,800,false],"thumbnail":["https:\/\/c01.purpledshub.com\/uploads\/sites\/37\/2024\/06\/belgium-national-anthem-what-are-the-lyrics-to-la-brabanconne-150x150.png",150,150,true],"medium":["https:\/\/c01.purpledshub.com\/uploads\/sites\/37\/2024\/06\/belgium-national-anthem-what-are-the-lyrics-to-la-brabanconne-300x200.png",300,200,true],"medium_large":["https:\/\/c01.purpledshub.com\/uploads\/sites\/37\/2024\/06\/belgium-national-anthem-what-are-the-lyrics-to-la-brabanconne-768x512.png",768,512,true],"large":["https:\/\/c01.purpledshub.com\/uploads\/sites\/37\/2024\/06\/belgium-national-anthem-what-are-the-lyrics-to-la-brabanconne-1024x682.png",800,533,true],"1536x1536":["https:\/\/c01.purpledshub.com\/uploads\/sites\/37\/2024\/06\/belgium-national-anthem-what-are-the-lyrics-to-la-brabanconne.png",1201,800,false],"2048x2048":["https:\/\/c01.purpledshub.com\/uploads\/sites\/37\/2024\/06\/belgium-national-anthem-what-are-the-lyrics-to-la-brabanconne.png",1201,800,false]},"uagb_author_info":{"display_name":"importmanagerhub@sprylab.com","author_link":"https:\/\/c01.purpledshub.com\/bbcmusicmagazine\/author\/importmanagerhubsprylab-com\/"},"uagb_comment_info":0,"uagb_excerpt":"By Published: Monday, 17 June 2024 at 10:05 AM Here are the lyrics to the national anthem of Belgium, &#8216;La Braban\u00e7onne&#8216; (or &#8216;Song of Brabant&#8217;). Why is it known as La Braban\u00e7onne? The national anthem of Belgium is known as &#8216;La Braban\u00e7onne&#8216; in French, as &#8216;De Braban\u00e7onne&#8217; in Dutch and as &#8216;Das Lied von Brabant&#8216;&hellip;","_links":{"self":[{"href":"https:\/\/c01.purpledshub.com\/bbcmusicmagazine\/wp-json\/wp\/v2\/rss_feed\/44035"}],"collection":[{"href":"https:\/\/c01.purpledshub.com\/bbcmusicmagazine\/wp-json\/wp\/v2\/rss_feed"}],"about":[{"href":"https:\/\/c01.purpledshub.com\/bbcmusicmagazine\/wp-json\/wp\/v2\/types\/rss_feed"}],"author":[{"embeddable":true,"href":"https:\/\/c01.purpledshub.com\/bbcmusicmagazine\/wp-json\/wp\/v2\/users\/24"}],"wp:featuredmedia":[{"embeddable":true,"href":"https:\/\/c01.purpledshub.com\/bbcmusicmagazine\/wp-json\/wp\/v2\/media\/44036"}],"wp:attachment":[{"href":"https:\/\/c01.purpledshub.com\/bbcmusicmagazine\/wp-json\/wp\/v2\/media?parent=44035"}],"wp:term":[{"taxonomy":"category","embeddable":true,"href":"https:\/\/c01.purpledshub.com\/bbcmusicmagazine\/wp-json\/wp\/v2\/categories?post=44035"}],"curies":[{"name":"wp","href":"https:\/\/api.w.org\/{rel}","templated":true}]}}